{"id":50,"date":"2017-04-16T12:23:57","date_gmt":"2017-04-16T11:23:57","guid":{"rendered":"https:\/\/lafratblog.wordpress.com\/?page_id=50"},"modified":"2021-10-09T08:50:43","modified_gmt":"2021-10-09T06:50:43","slug":"actualite","status":"publish","type":"page","link":"https:\/\/lafrat.com\/?page_id=50","title":{"rendered":"Actualit\u00e9"},"content":{"rendered":"\t\t<div data-elementor-type=\"wp-page\" data-elementor-id=\"50\" class=\"elementor elementor-50\" data-elementor-settings=\"[]\">\n\t\t\t\t\t\t<div class=\"elementor-inner\">\n\t\t\t\t\t\t\t<div class=\"elementor-section-wrap\">\n\t\t\t\t\t\t\t<section class=\"elementor-section elementor-top-section elementor-element elementor-element-6c53d02 elementor-section-boxed elementor-section-height-default elementor-section-height-default\" data-id=\"6c53d02\" data-element_type=\"section\">\n\t\t\t\t\t\t<div class=\"elementor-container elementor-column-gap-default\">\n\t\t\t\t\t\t\t<div class=\"elementor-row\">\n\t\t\t\t\t<div class=\"elementor-column elementor-col-100 elementor-top-column elementor-element elementor-element-14a19c9a\" data-id=\"14a19c9a\" data-element_type=\"column\">\n\t\t\t<div class=\"elementor-column-wrap elementor-element-populated\">\n\t\t\t\t\t\t\t<div class=\"elementor-widget-wrap\">\n\t\t\t\t\t\t<div class=\"elementor-element elementor-element-4e0db484 elementor-widget elementor-widget-text-editor\" data-id=\"4e0db484\" data-element_type=\"widget\" data-widget_type=\"text-editor.default\">\n\t\t\t\t<div class=\"elementor-widget-container\">\n\t\t\t\t\t<div class=\"elementor-text-editor elementor-clearfix\">Pour suivre toute l&rsquo;actualit\u00e9 de la Soci\u00e9t\u00e9 Fraternelle de Cornemuses du Centre, rendez-vous sur notre <a href=\"https:\/\/www.facebook.com\/La-Fraternelle-des-Cornemuses-du-Centre-2089674038020946\/\" target=\"_blank\" rel=\"noopener noreferrer\">page Facebook<\/a><\/div>\n\t\t\t\t<\/div>\n\t\t\t\t<\/div>\n\t\t\t\t\t\t<\/div>\n\t\t\t\t\t<\/div>\n\t\t<\/div>\n\t\t\t\t\t\t\t\t<\/div>\n\t\t\t\t\t<\/div>\n\t\t<\/section>\n\t\t\t\t<section class=\"elementor-section elementor-top-section elementor-element elementor-element-f67e145 elementor-section-boxed elementor-section-height-default elementor-section-height-default\" data-id=\"f67e145\" data-element_type=\"section\">\n\t\t\t\t\t\t<div class=\"elementor-container elementor-column-gap-default\">\n\t\t\t\t\t\t\t<div class=\"elementor-row\">\n\t\t\t\t\t<div class=\"elementor-column elementor-col-100 elementor-top-column elementor-element elementor-element-67bb551\" data-id=\"67bb551\" data-element_type=\"column\">\n\t\t\t<div class=\"elementor-column-wrap elementor-element-populated\">\n\t\t\t\t\t\t\t<div class=\"elementor-widget-wrap\">\n\t\t\t\t\t\t<div class=\"elementor-element elementor-element-e13695a elementor-widget elementor-widget-heading\" data-id=\"e13695a\" data-element_type=\"widget\" data-widget_type=\"heading.default\">\n\t\t\t\t<div class=\"elementor-widget-container\">\n\t\t\t<h4 class=\"elementor-heading-title elementor-size-default\">La Frat au festival des Hautes Terres \u00e0 Saint Flour (juillet 2021)<\/h4>\t\t<\/div>\n\t\t\t\t<\/div>\n\t\t\t\t\t\t<\/div>\n\t\t\t\t\t<\/div>\n\t\t<\/div>\n\t\t\t\t\t\t\t\t<\/div>\n\t\t\t\t\t<\/div>\n\t\t<\/section>\n\t\t\t\t<section class=\"elementor-section elementor-top-section elementor-element elementor-element-1bfdbb8 elementor-section-boxed elementor-section-height-default elementor-section-height-default\" data-id=\"1bfdbb8\" data-element_type=\"section\">\n\t\t\t\t\t\t<div class=\"elementor-container elementor-column-gap-default\">\n\t\t\t\t\t\t\t<div class=\"elementor-row\">\n\t\t\t\t\t<div class=\"elementor-column elementor-col-100 elementor-top-column elementor-element elementor-element-4513ec8\" data-id=\"4513ec8\" data-element_type=\"column\">\n\t\t\t<div class=\"elementor-column-wrap elementor-element-populated\">\n\t\t\t\t\t\t\t<div class=\"elementor-widget-wrap\">\n\t\t\t\t\t\t<div class=\"elementor-element elementor-element-4cf3523 elementor-widget elementor-widget-image-gallery\" data-id=\"4cf3523\" data-element_type=\"widget\" data-widget_type=\"image-gallery.default\">\n\t\t\t\t<div class=\"elementor-widget-container\">\n\t\t\t\t\t<div class=\"elementor-image-gallery\">\n\t\t\t<div id='gallery-1' class='gallery galleryid-50 gallery-columns-4 gallery-size-thumbnail'><figure class='gallery-item'>\n\t\t\t<div class='gallery-icon landscape'>\n\t\t\t\t<a data-elementor-open-lightbox=\"yes\" data-elementor-lightbox-slideshow=\"4cf3523\" data-elementor-lightbox-title=\"Festival des Hautes Terres - Saint Flour 2021\" href='https:\/\/lafrat.com\/wp-content\/uploads\/2021\/10\/saintflour_01.jpg'><img width=\"150\" height=\"150\" src=\"https:\/\/lafrat.com\/wp-content\/uploads\/2021\/10\/saintflour_01-150x150.jpg\" class=\"attachment-thumbnail size-thumbnail\" alt=\"\" loading=\"lazy\" aria-describedby=\"gallery-1-249\" srcset=\"https:\/\/lafrat.com\/wp-content\/uploads\/2021\/10\/saintflour_01-150x150.jpg 150w, https:\/\/lafrat.com\/wp-content\/uploads\/2021\/10\/saintflour_01-100x100.jpg 100w\" sizes=\"100vw\" \/><\/a>\n\t\t\t<\/div>\n\t\t\t\t<figcaption class='wp-caption-text gallery-caption' id='gallery-1-249'>\n\t\t\t\tFestival des Hautes Terres &#8211; Saint Flour 2021\n\t\t\t\t<\/figcaption><\/figure><figure class='gallery-item'>\n\t\t\t<div class='gallery-icon landscape'>\n\t\t\t\t<a data-elementor-open-lightbox=\"yes\" data-elementor-lightbox-slideshow=\"4cf3523\" data-elementor-lightbox-title=\"Festival des Hautes Terres - Saint Flour 2021\" href='https:\/\/lafrat.com\/wp-content\/uploads\/2021\/10\/saintflour_08.jpg'><img width=\"150\" height=\"150\" src=\"https:\/\/lafrat.com\/wp-content\/uploads\/2021\/10\/saintflour_08-150x150.jpg\" class=\"attachment-thumbnail size-thumbnail\" alt=\"\" loading=\"lazy\" aria-describedby=\"gallery-1-250\" srcset=\"https:\/\/lafrat.com\/wp-content\/uploads\/2021\/10\/saintflour_08-150x150.jpg 150w, https:\/\/lafrat.com\/wp-content\/uploads\/2021\/10\/saintflour_08-100x100.jpg 100w\" sizes=\"100vw\" \/><\/a>\n\t\t\t<\/div>\n\t\t\t\t<figcaption class='wp-caption-text gallery-caption' id='gallery-1-250'>\n\t\t\t\tFestival des Hautes Terres &#8211; Saint Flour 2021\n\t\t\t\t<\/figcaption><\/figure><figure class='gallery-item'>\n\t\t\t<div class='gallery-icon landscape'>\n\t\t\t\t<a data-elementor-open-lightbox=\"yes\" data-elementor-lightbox-slideshow=\"4cf3523\" data-elementor-lightbox-title=\"Festival des Hautes Terres - Saint Flour 2021\" href='https:\/\/lafrat.com\/wp-content\/uploads\/2021\/10\/saintflour_07.jpg'><img width=\"150\" height=\"150\" src=\"https:\/\/lafrat.com\/wp-content\/uploads\/2021\/10\/saintflour_07-150x150.jpg\" class=\"attachment-thumbnail size-thumbnail\" alt=\"\" loading=\"lazy\" aria-describedby=\"gallery-1-251\" srcset=\"https:\/\/lafrat.com\/wp-content\/uploads\/2021\/10\/saintflour_07-150x150.jpg 150w, https:\/\/lafrat.com\/wp-content\/uploads\/2021\/10\/saintflour_07-100x100.jpg 100w\" sizes=\"100vw\" \/><\/a>\n\t\t\t<\/div>\n\t\t\t\t<figcaption class='wp-caption-text gallery-caption' id='gallery-1-251'>\n\t\t\t\tFestival des Hautes Terres &#8211; Saint Flour 2021\n\t\t\t\t<\/figcaption><\/figure><figure class='gallery-item'>\n\t\t\t<div class='gallery-icon landscape'>\n\t\t\t\t<a data-elementor-open-lightbox=\"yes\" data-elementor-lightbox-slideshow=\"4cf3523\" data-elementor-lightbox-title=\"Festival des Hautes Terres - Saint Flour 2021\" href='https:\/\/lafrat.com\/wp-content\/uploads\/2021\/10\/saintflour_06.jpg'><img width=\"150\" height=\"150\" src=\"https:\/\/lafrat.com\/wp-content\/uploads\/2021\/10\/saintflour_06-150x150.jpg\" class=\"attachment-thumbnail size-thumbnail\" alt=\"\" loading=\"lazy\" aria-describedby=\"gallery-1-247\" srcset=\"https:\/\/lafrat.com\/wp-content\/uploads\/2021\/10\/saintflour_06-150x150.jpg 150w, https:\/\/lafrat.com\/wp-content\/uploads\/2021\/10\/saintflour_06-100x100.jpg 100w\" sizes=\"100vw\" \/><\/a>\n\t\t\t<\/div>\n\t\t\t\t<figcaption class='wp-caption-text gallery-caption' id='gallery-1-247'>\n\t\t\t\tFestival des Hautes Terres &#8211; Saint Flour 2021\n\t\t\t\t<\/figcaption><\/figure><figure class='gallery-item'>\n\t\t\t<div class='gallery-icon landscape'>\n\t\t\t\t<a data-elementor-open-lightbox=\"yes\" data-elementor-lightbox-slideshow=\"4cf3523\" data-elementor-lightbox-title=\"Festival des Hautes Terres - Saint Flour 2021\" href='https:\/\/lafrat.com\/wp-content\/uploads\/2021\/10\/saintflour_02.jpg'><img width=\"150\" height=\"150\" src=\"https:\/\/lafrat.com\/wp-content\/uploads\/2021\/10\/saintflour_02-150x150.jpg\" class=\"attachment-thumbnail size-thumbnail\" alt=\"\" loading=\"lazy\" aria-describedby=\"gallery-1-246\" srcset=\"https:\/\/lafrat.com\/wp-content\/uploads\/2021\/10\/saintflour_02-150x150.jpg 150w, https:\/\/lafrat.com\/wp-content\/uploads\/2021\/10\/saintflour_02-100x100.jpg 100w\" sizes=\"100vw\" \/><\/a>\n\t\t\t<\/div>\n\t\t\t\t<figcaption class='wp-caption-text gallery-caption' id='gallery-1-246'>\n\t\t\t\tFestival des Hautes Terres &#8211; Saint Flour 2021\n\t\t\t\t<\/figcaption><\/figure><figure class='gallery-item'>\n\t\t\t<div class='gallery-icon landscape'>\n\t\t\t\t<a data-elementor-open-lightbox=\"yes\" data-elementor-lightbox-slideshow=\"4cf3523\" data-elementor-lightbox-title=\"Festival des Hautes Terres - Saint Flour 2021\" href='https:\/\/lafrat.com\/wp-content\/uploads\/2021\/10\/saintflour_03.jpg'><img width=\"150\" height=\"150\" src=\"https:\/\/lafrat.com\/wp-content\/uploads\/2021\/10\/saintflour_03-150x150.jpg\" class=\"attachment-thumbnail size-thumbnail\" alt=\"\" loading=\"lazy\" aria-describedby=\"gallery-1-243\" srcset=\"https:\/\/lafrat.com\/wp-content\/uploads\/2021\/10\/saintflour_03-150x150.jpg 150w, https:\/\/lafrat.com\/wp-content\/uploads\/2021\/10\/saintflour_03-100x100.jpg 100w\" sizes=\"100vw\" \/><\/a>\n\t\t\t<\/div>\n\t\t\t\t<figcaption class='wp-caption-text gallery-caption' id='gallery-1-243'>\n\t\t\t\tFestival des Hautes Terres &#8211; Saint Flour 2021\n\t\t\t\t<\/figcaption><\/figure><figure class='gallery-item'>\n\t\t\t<div class='gallery-icon landscape'>\n\t\t\t\t<a data-elementor-open-lightbox=\"yes\" data-elementor-lightbox-slideshow=\"4cf3523\" data-elementor-lightbox-title=\"Festival des Hautes Terres - Saint Flour 2021\" href='https:\/\/lafrat.com\/wp-content\/uploads\/2021\/10\/saintflour_04.jpg'><img width=\"150\" height=\"150\" src=\"https:\/\/lafrat.com\/wp-content\/uploads\/2021\/10\/saintflour_04-150x150.jpg\" class=\"attachment-thumbnail size-thumbnail\" alt=\"\" loading=\"lazy\" aria-describedby=\"gallery-1-245\" srcset=\"https:\/\/lafrat.com\/wp-content\/uploads\/2021\/10\/saintflour_04-150x150.jpg 150w, https:\/\/lafrat.com\/wp-content\/uploads\/2021\/10\/saintflour_04-100x100.jpg 100w\" sizes=\"100vw\" \/><\/a>\n\t\t\t<\/div>\n\t\t\t\t<figcaption class='wp-caption-text gallery-caption' id='gallery-1-245'>\n\t\t\t\tFestival des Hautes Terres &#8211; Saint Flour 2021\n\t\t\t\t<\/figcaption><\/figure><figure class='gallery-item'>\n\t\t\t<div class='gallery-icon landscape'>\n\t\t\t\t<a data-elementor-open-lightbox=\"yes\" data-elementor-lightbox-slideshow=\"4cf3523\" data-elementor-lightbox-title=\"Festival des Hautes Terres - Saint Flour 2021\" href='https:\/\/lafrat.com\/wp-content\/uploads\/2021\/10\/saintflour_05.jpg'><img width=\"150\" height=\"150\" src=\"https:\/\/lafrat.com\/wp-content\/uploads\/2021\/10\/saintflour_05-150x150.jpg\" class=\"attachment-thumbnail size-thumbnail\" alt=\"\" loading=\"lazy\" aria-describedby=\"gallery-1-244\" srcset=\"https:\/\/lafrat.com\/wp-content\/uploads\/2021\/10\/saintflour_05-150x150.jpg 150w, https:\/\/lafrat.com\/wp-content\/uploads\/2021\/10\/saintflour_05-100x100.jpg 100w\" sizes=\"100vw\" \/><\/a>\n\t\t\t<\/div>\n\t\t\t\t<figcaption class='wp-caption-text gallery-caption' id='gallery-1-244'>\n\t\t\t\tFestival des Hautes Terres &#8211; Saint Flour 2021\n\t\t\t\t<\/figcaption><\/figure><figure class='gallery-item'>\n\t\t\t<div class='gallery-icon landscape'>\n\t\t\t\t<a data-elementor-open-lightbox=\"yes\" data-elementor-lightbox-slideshow=\"4cf3523\" data-elementor-lightbox-title=\"Festival des Hautes Terres - Saint Flour 2021\" href='https:\/\/lafrat.com\/wp-content\/uploads\/2021\/10\/saintflour_09.jpg'><img width=\"150\" height=\"150\" src=\"https:\/\/lafrat.com\/wp-content\/uploads\/2021\/10\/saintflour_09-150x150.jpg\" class=\"attachment-thumbnail size-thumbnail\" alt=\"\" loading=\"lazy\" aria-describedby=\"gallery-1-248\" srcset=\"https:\/\/lafrat.com\/wp-content\/uploads\/2021\/10\/saintflour_09-150x150.jpg 150w, https:\/\/lafrat.com\/wp-content\/uploads\/2021\/10\/saintflour_09-100x100.jpg 100w\" sizes=\"100vw\" \/><\/a>\n\t\t\t<\/div>\n\t\t\t\t<figcaption class='wp-caption-text gallery-caption' id='gallery-1-248'>\n\t\t\t\tFestival des Hautes Terres &#8211; Saint Flour 2021\n\t\t\t\t<\/figcaption><\/figure>\n\t\t<\/div>\n\t\t<\/div>\n\t\t\t\t<\/div>\n\t\t\t\t<\/div>\n\t\t\t\t\t\t<\/div>\n\t\t\t\t\t<\/div>\n\t\t<\/div>\n\t\t\t\t\t\t\t\t<\/div>\n\t\t\t\t\t<\/div>\n\t\t<\/section>\n\t\t\t\t\t\t<\/div>\n\t\t\t\t\t\t<\/div>\n\t\t\t\t\t<\/div>\n\t\t","protected":false},"excerpt":{"rendered":"<p>Pour suivre toute l&rsquo;actualit\u00e9 de la Soci\u00e9t\u00e9 Fraternelle de Cornemuses du Centre, rendez-vous sur notre page Facebook La Frat au festival des Hautes Terres \u00e0 Saint Flour (juillet 2021) Festival des Hautes Terres &#8211; Saint Flour 2021 Festival des Hautes Terres &#8211; Saint Flour 2021 Festival des Hautes Terres &#8211; Saint Flour 2021 Festival des &hellip; <\/p>\n<p class=\"link-more\"><a href=\"https:\/\/lafrat.com\/?page_id=50\" class=\"more-link\">Continuer la lecture<span class=\"screen-reader-text\"> de &laquo;&nbsp;Actualit\u00e9&nbsp;&raquo;<\/span><\/a><\/p>\n","protected":false},"author":2,"featured_media":159,"parent":136,"menu_order":0,"comment_status":"closed","ping_status":"closed","template":"","meta":[],"_links":{"self":[{"href":"https:\/\/lafrat.com\/index.php?rest_route=\/wp\/v2\/pages\/50"}],"collection":[{"href":"https:\/\/lafrat.com\/index.php?rest_route=\/wp\/v2\/pages"}],"about":[{"href":"https:\/\/lafrat.com\/index.php?rest_route=\/wp\/v2\/types\/page"}],"author":[{"embeddable":true,"href":"https:\/\/lafrat.com\/index.php?rest_route=\/wp\/v2\/users\/2"}],"replies":[{"embeddable":true,"href":"https:\/\/lafrat.com\/index.php?rest_route=%2Fwp%2Fv2%2Fcomments&post=50"}],"version-history":[{"count":11,"href":"https:\/\/lafrat.com\/index.php?rest_route=\/wp\/v2\/pages\/50\/revisions"}],"predecessor-version":[{"id":259,"href":"https:\/\/lafrat.com\/index.php?rest_route=\/wp\/v2\/pages\/50\/revisions\/259"}],"up":[{"embeddable":true,"href":"https:\/\/lafrat.com\/index.php?rest_route=\/wp\/v2\/pages\/136"}],"wp:featuredmedia":[{"embeddable":true,"href":"https:\/\/lafrat.com\/index.php?rest_route=\/wp\/v2\/media\/159"}],"wp:attachment":[{"href":"https:\/\/lafrat.com\/index.php?rest_route=%2Fwp%2Fv2%2Fmedia&parent=50"}],"curies":[{"name":"wp","href":"https:\/\/api.w.org\/{rel}","templated":true}]}}